{"id":18,"date":"2026-01-02T23:54:07","date_gmt":"2026-01-02T22:54:07","guid":{"rendered":"https:\/\/marie-auxiliatrice.fr\/ecole\/?page_id=18"},"modified":"2026-01-04T22:48:19","modified_gmt":"2026-01-04T21:48:19","slug":"accueil","status":"publish","type":"page","link":"https:\/\/marie-auxiliatrice.fr\/ecole\/","title":{"rendered":""},"content":{"rendered":"\n<div class=\"wp-block-cover alignfull is-light hestia-clear-top-padding\" id=\"infos\"><span aria-hidden=\"true\" class=\"wp-block-cover__background has-white-background-color has-background-dim-100 has-background-dim\"><\/span><div class=\"wp-block-cover__inner-container is-layout-flow wp-block-cover-is-layout-flow\">\n<h2 class=\"wp-block-heading has-text-align-center has-background-color-color has-black-background-color has-text-color has-background\" style=\"border-width:1px;font-size:25px\">Ecole primaire priv\u00e9e catholique en contrat d&rsquo;association avec l&rsquo;\u00e9tat<\/h2>\n\n\n\n<p class=\"has-text-align-center has-medium-font-size\" style=\"border-top-left-radius:28px;border-top-right-radius:28px;border-bottom-left-radius:28px;border-bottom-right-radius:28px;font-style:normal;font-weight:200\">Nous sommes ouverts \u00e0 l&rsquo;accueil de <strong>TOUS<\/strong> les \u00e9l\u00e8ves, de la Toute Petite Section (2 ans) au CM2.<br>Apprentissage de l&rsquo;anglais d\u00e8s le CP et jusqu&rsquo;au CM2.<br><strong>Services p\u00e9riscolaires :<\/strong> garderie d\u00e8s 7h30 et jusqu&rsquo;\u00e0&nbsp;18h00. Etude dirig\u00e9e du CP au CM2.<\/p>\n\n\n\n<div style=\"height:40px\" aria-hidden=\"true\" class=\"wp-block-spacer\"><\/div>\n\n\n\n<div class=\"wp-block-columns container is-layout-flex wp-container-core-columns-is-layout-28f84493 wp-block-columns-is-layout-flex\">\n<div class=\"wp-block-column is-layout-flow wp-block-column-is-layout-flow\"><div class=\"wp-block-image\">\n<figure class=\"aligncenter size-large\"><img decoding=\"async\" src=\"https:\/\/marie-auxiliatrice.fr\/ecole\/wp-content\/themes\/hestia\/assets\/img\/feat1.png\" alt=\"\" class=\"wp-image-70\"\/><\/figure>\n<\/div>\n\n\n<h5 class=\"wp-block-heading has-text-align-center has-text-color\" style=\"color:#3c4858;font-size:18px\">HORAIRES<\/h5>\n\n\n\n<p class=\"has-text-align-center has-black-color has-text-color has-link-color wp-elements-4a1cefe8ebe02d6ee94925affde05f5d\" style=\"font-size:14px\">8h45 <strong>&#8211;<\/strong> 8h55&nbsp;: accueil <br><strong>8h55 &#8211; 11h55&nbsp;: classe<\/strong><br>11h55 <strong>&#8211;<\/strong> 12h05&nbsp;: sortie<\/p>\n\n\n\n<p class=\"has-text-align-center has-accent-color has-text-color\" style=\"font-size:14px\"><strong>CANTINE : de 11h55 \u00e0 13h30<\/strong><\/p>\n\n\n\n<p class=\"has-text-align-center has-black-color has-text-color\" style=\"font-size:14px\">13h20 <strong>&#8211;<\/strong> 13h30&nbsp;: accueil<br><strong>13h30 &#8211; 16h35&nbsp;: classe<\/strong><br>16h35 <strong>&#8211;<\/strong> 16h45&nbsp;: sortie<\/p>\n\n\n\n<div style=\"height:25px\" aria-hidden=\"true\" class=\"wp-block-spacer\"><\/div>\n<\/div>\n\n\n\n<div class=\"wp-block-column is-layout-flow wp-block-column-is-layout-flow\"><div class=\"wp-block-image\">\n<figure class=\"aligncenter size-large is-resized\"><img decoding=\"async\" src=\"https:\/\/marie-auxiliatrice.fr\/ecole\/wp-content\/themes\/hestia\/assets\/img\/feat2.png\" alt=\"\" class=\"wp-image-71\" style=\"width:64px;height:auto\"\/><\/figure>\n<\/div>\n\n\n<h5 class=\"wp-block-heading has-text-align-center has-text-color\" style=\"color:#3c4858;font-size:18px\">PROJETS<\/h5>\n\n\n\n<p class=\"has-text-align-center has-black-color has-text-color\" style=\"font-size:14px\">Notre projet d&rsquo;ann\u00e9e 2025\/2026 :<\/p>\n\n\n\n<p class=\"has-text-align-center has-text-color has-link-color has-medium-font-size wp-elements-b0ba8b86f6cb20465a8d17e3e2ffdf6f\" style=\"color:#00bcca\"><strong>Bien \u00eatre &amp; bien vivre ensemble&#8230; <\/strong>\u0152uvrons pour <strong>une \u00e9cologie int\u00e9grale !<\/strong><\/p>\n\n\n\n<p class=\"has-text-color has-link-color has-small-font-size wp-elements-04eceb3745cda03b69072ca08f1bc3f7\" style=\"color:#7c7c7c\"><em>Dans le discours de l&rsquo;\u00c9glise catholique, l&rsquo;\u00e9cologie int\u00e9grale\u00a0<strong>comprend les relations des humains entre eux, avec leur environnement, et avec la transcendance<\/strong>\u00a0(encyclique\u00a0Laudato Si, 2015). <strong>Il s&rsquo;agit de penser une \u00e9cologie \u00e0 la fois environnementale, morale, \u00e9conomique, sociale et politique.<\/strong><\/em><\/p>\n\n\n\n<div style=\"height:25px\" aria-hidden=\"true\" class=\"wp-block-spacer\"><\/div>\n<\/div>\n\n\n\n<div class=\"wp-block-column is-layout-flow wp-block-column-is-layout-flow\"><div class=\"wp-block-image\">\n<figure class=\"aligncenter size-large\"><img decoding=\"async\" src=\"https:\/\/marie-auxiliatrice.fr\/ecole\/wp-content\/themes\/hestia\/assets\/img\/feat3.png\" alt=\"\" class=\"wp-image-72\"\/><\/figure>\n<\/div>\n\n\n<h5 class=\"wp-block-heading has-text-align-center has-text-color\" style=\"color:#3c4858;font-size:18px\">STRUCTURE<\/h5>\n\n\n\n<p class=\"has-text-align-center has-text-color\" style=\"color:#3fb749;font-size:14px\"><strong>13 classes primaires <\/strong>pour 275 \u00e9l\u00e8ves<\/p>\n\n\n\n<p class=\"has-text-align-center has-black-color has-text-color\" style=\"font-size:14px\"><strong>4 classes maternelles :<\/strong><br>TPS\/PSA &#8211; TPS\/PSB &#8211; MSA &#8211; MS\/GS<\/p>\n\n\n\n<p class=\"has-text-align-center has-black-color has-text-color\" style=\"font-size:14px\"><strong>9 classes\u00a0\u00e9l\u00e9mentaires<\/strong><br>CPA &#8211; CPB &#8211; CE1A &#8211; CE1B &#8211; CE2A<br>CE2\/CM1B &#8211; CM1A &#8211; CM2A &#8211; CM2B<\/p>\n\n\n\n<div style=\"height:25px\" aria-hidden=\"true\" class=\"wp-block-spacer\"><\/div>\n<\/div>\n<\/div>\n\n\n\n<div style=\"height:40px\" aria-hidden=\"true\" class=\"wp-block-spacer\"><\/div>\n<\/div><\/div>\n","protected":false},"excerpt":{"rendered":"","protected":false},"author":1,"featured_media":39,"parent":2,"menu_order":0,"comment_status":"closed","ping_status":"closed","template":"","meta":{"footnotes":""},"class_list":["post-18","page","type-page","status-publish","has-post-thumbnail","hentry"],"_links":{"self":[{"href":"https:\/\/marie-auxiliatrice.fr\/ecole\/index.php\/wp-json\/wp\/v2\/pages\/18","targetHints":{"allow":["GET"]}}],"collection":[{"href":"https:\/\/marie-auxiliatrice.fr\/ecole\/index.php\/wp-json\/wp\/v2\/pages"}],"about":[{"href":"https:\/\/marie-auxiliatrice.fr\/ecole\/index.php\/wp-json\/wp\/v2\/types\/page"}],"author":[{"embeddable":true,"href":"https:\/\/marie-auxiliatrice.fr\/ecole\/index.php\/wp-json\/wp\/v2\/users\/1"}],"replies":[{"embeddable":true,"href":"https:\/\/marie-auxiliatrice.fr\/ecole\/index.php\/wp-json\/wp\/v2\/comments?post=18"}],"version-history":[{"count":13,"href":"https:\/\/marie-auxiliatrice.fr\/ecole\/index.php\/wp-json\/wp\/v2\/pages\/18\/revisions"}],"predecessor-version":[{"id":124,"href":"https:\/\/marie-auxiliatrice.fr\/ecole\/index.php\/wp-json\/wp\/v2\/pages\/18\/revisions\/124"}],"up":[{"embeddable":true,"href":"https:\/\/marie-auxiliatrice.fr\/ecole\/index.php\/wp-json\/wp\/v2\/pages\/2"}],"wp:featuredmedia":[{"embeddable":true,"href":"https:\/\/marie-auxiliatrice.fr\/ecole\/index.php\/wp-json\/wp\/v2\/media\/39"}],"wp:attachment":[{"href":"https:\/\/marie-auxiliatrice.fr\/ecole\/index.php\/wp-json\/wp\/v2\/media?parent=18"}],"curies":[{"name":"wp","href":"https:\/\/api.w.org\/{rel}","templated":true}]}}